{"id":5589,"date":"2018-11-25T13:28:35","date_gmt":"2018-11-25T10:28:35","guid":{"rendered":"http:\/\/vpmk.edu.ee\/?page_id=5589"},"modified":"2019-02-25T12:38:19","modified_gmt":"2019-02-25T09:38:19","slug":"ii-trimester-26-11-22-02-2019","status":"publish","type":"page","link":"http:\/\/vpmk.edu.ee\/ru\/ii-trimester-26-11-22-02-2019\/","title":{"rendered":"2. trimester 26.11.2018 &#8212; 22.02.2019"},"content":{"rendered":"<h6><span style=\"text-decoration: underline;\"><strong>2. trimester 26.11.2018 &#8212; 22.02.2019<\/strong><\/span><\/h6>\n<p><strong>26.novembril kell 10.00<\/strong>\u00a0toimub 6.-9. klassidele KODANIKUP\u00c4EVALE p\u00fchendatud pidulik aktus. 1.-5. klassidel oli samal ajal kodanikup\u00e4eva-teemalised klassijuhatajatunnid.<br \/>\n<a href=\"http:\/\/vpmk.edu.ee\/uncategorized\/kodanikupaeval-valga-priimetsa-koolis-valiti-aasta-kodanik-ja-teadvustati-kodanikuks-olemise-vaartust\/\">LOE EDASI<\/a><\/p>\n<p><strong>27.novembril<\/strong> kell 9.00\u00a0 toimus f\u00fc\u00fcsika kooliol\u00fcmpiaad<\/p>\n<p><strong>29.novembril<\/strong> kell 9.00 toimus keemia kooliol\u00fcmpiaad<\/p>\n<p><strong>30. novembril<\/strong> kell 11.00 kooliaulas teater &#171;Tuuleveski etendus\u00a0<span data-sheets-value=\"{&quot;1&quot;:2,&quot;2&quot;:&quot;Teater Tuuleveski \u00ab\u0421\u043a\u0430\u0437\u043a\u0438 \u0441\u0442\u0430\u0440\u043e\u0439 \u043c\u0435\u043b\u044c\u043d\u0438\u0446\u044b\u00bb 1.-9. kl.&quot;}\" data-sheets-userformat=\"{&quot;2&quot;:8401853,&quot;3&quot;:[null,0],&quot;5&quot;:{&quot;1&quot;:[{&quot;1&quot;:2,&quot;2&quot;:0,&quot;5&quot;:[null,2,0]},{&quot;1&quot;:0,&quot;2&quot;:0,&quot;3&quot;:3},{&quot;1&quot;:1,&quot;2&quot;:0,&quot;4&quot;:1}]},&quot;6&quot;:{&quot;1&quot;:[{&quot;1&quot;:2,&quot;2&quot;:0,&quot;5&quot;:[null,2,0]},{&quot;1&quot;:0,&quot;2&quot;:0,&quot;3&quot;:3},{&quot;1&quot;:1,&quot;2&quot;:0,&quot;4&quot;:1}]},&quot;7&quot;:{&quot;1&quot;:[{&quot;1&quot;:2,&quot;2&quot;:0,&quot;5&quot;:[null,2,0]},{&quot;1&quot;:0,&quot;2&quot;:0,&quot;3&quot;:3},{&quot;1&quot;:1,&quot;2&quot;:0,&quot;4&quot;:1}]},&quot;8&quot;:{&quot;1&quot;:[{&quot;1&quot;:2,&quot;2&quot;:0,&quot;5&quot;:[null,2,0]},{&quot;1&quot;:0,&quot;2&quot;:0,&quot;3&quot;:3},{&quot;1&quot;:1,&quot;2&quot;:0,&quot;4&quot;:1}]},&quot;10&quot;:2,&quot;11&quot;:4,&quot;12&quot;:0,&quot;15&quot;:&quot;\\&quot;Times New Roman\\&quot;, serif&quot;,&quot;16&quot;:12,&quot;26&quot;:400}\">\u00ab\u0421\u043a\u0430\u0437\u043a\u0438 \u0441\u0442\u0430\u0440\u043e\u0439 \u043c\u0435\u043b\u044c\u043d\u0438\u0446\u044b\u00bb\u00a0<\/span><\/p>\n<p>3. detsembril toimusid 8.-9. klassidele karj\u00e4\u00e4riteemalised t\u00f6\u00f6toad\u00a0\u201eT\u00f6\u00f6andjate ootused ja konkurents t\u00f6\u00f6turul\u201c, mida viis l\u00e4bi V\u00f5rumaa\u00a0 T\u00f6\u00f6tukassa karj\u00e4\u00e4riinfo spetsialist Meelika Tamberg<\/p>\n<p style=\"text-align: justify;\">3. d<strong>etsembril<\/strong> osalesid 5.b klassi \u00f5pilased Taia Lankert ja Gloria Gribtsenko Valga\u00a0 kultuurikeskuses toimunud noorte luulekonkursil \u201eKoidulauliku valgel \u201c.\u00a0 \u00d5pilasi juhendas \u00f5petaja Reet Karbik. Taia Lankert sai eripreemia k\u00f5lava esituse eest.<br \/>\nLoe edasi:\u00a0<a href=\"http:\/\/www.valga.ee\/et\/uudised-ja-teated\/-\/asset_publisher\/NdxUP2aDtxzz\/content\/id\/21903768?redirect=http%3A%2F%2Fwww.valga.ee\">Valga vallavalitsuse kodulehelt<\/a><\/p>\n<p><strong>RMK konkurss \u201e Eesti koolilaste metsapostkaart 2018 \u201c\u00a0<\/strong>toimus sel aastal juba 16. korda. T\u00e4navuse konkursi teemaks oli &#171;P\u00fchad metsas&#187;. Kauneid hetki looduses j\u00e4\u00e4dvustasid novembrikuus 3.b,5.b,6.b,7.b,8.b,9.b.<\/p>\n<p style=\"text-align: justify;\"><strong>05.detsembril k\u00e4is 5.b klass koos klassijuhatajaga Valga loomade varjupaigas. <\/strong>\u00d5pilastel olid kaasas maitsvad kingitused koertele ja kassidele ja\u00a0 lastele tutvustati varjupaiga loomade elu-olu. \u00d5ppek\u00e4ik laiendas \u00f5pilaste silmaringi ning pakkus s\u00fcdamlikke hetki lemmikloomade seltsis.<\/p>\n<p style=\"text-align: justify;\"><b>6. detsembril\u00a0<\/b><a href=\"http:\/\/vpmk.edu.ee\/uncategorized\/joululuuletuste-konkurss\/\">J\u00d5ULULUULETUSTE KONKURSS<\/a><\/p>\n<p><strong>7. detsembril\u00a0\u00a0<a href=\"http:\/\/vpmk.edu.ee\/uncategorized\/5703\/\">HEATEGEVUSLIK J\u00d5ULULAAT<\/a><\/strong><\/p>\n<p><strong>T.O.R.E. n\u00e4dal 3.12-7.12.2018.\u00a0<a href=\"https:\/\/drive.google.com\/file\/d\/1eqwfCscOCyBYShIPqgGOa30mXxQeVI5a\/view?usp=sharing\">TOREvandi 1. n\u00e4dal<\/a><br \/>\n<a href=\"https:\/\/photos.app.goo.gl\/erajQtFCnC2Mr8oU8\">Fotogalerii<\/a><br \/>\n<\/strong><\/p>\n<p style=\"text-align: justify;\"><strong>10.detsembril toimus AKTUS<\/strong>, kus autasustati parimaid kooliol\u00fcmpiaadidest osav\u00f5tjaid, kunstikuu ja heategevusliku j\u00f5ululaada kordaminekule tublimaid kaasaaitajaid ning T.O.R.E. \u00fcrituste aktiivsemaid \u00f5pilasi.\u00a0<a href=\"https:\/\/photos.app.goo.gl\/g8yzRJ9SvR8fKqCu9\">FOTOGALERII<\/a><\/p>\n<p>12. ja 13. detsembril toimus 5.-9. klasside MATEMAATIKA kooliol\u00fcmpiaad.<\/p>\n<p style=\"text-align: justify;\">13. detsembril oli meie koolis <strong>MILITAARTEEMALINE P\u00c4EV.\u00a0<\/strong>K\u00fclas olid NATO s\u00f5durid , kes<br \/>\n2., 3. ja 4. tunni ajal viisid l\u00e4bi 5.-9. klassidele inglise keeles vestlusringe ja mitmeid huvitavaid aktiivseid tegevusi.<br \/>\n<a href=\"https:\/\/photos.app.goo.gl\/VmFH7B4dj3zyxTZN8\">FOTOGALERII<\/a><\/p>\n<p style=\"text-align: justify;\">14. detsembril <strong>KARJ\u00c4\u00c4RIP\u00c4EV<\/strong> 9.-le\u00a0 klassidele Valga G\u00fcmnaasiumis ja Valgamaa Kutse\u00f5ppekeskuses<\/p>\n<p style=\"text-align: justify;\">14.detsembril k\u00fclastasid 5A ja 6B klassi \u00f5pilased teater <strong>VANEMUINE lasteetendust &#171;Lapsep\u00f5lveb\u00e4nd&#187;<\/strong><\/p>\n<p>18.- 19. detsember toimusid koolis\u00a0<a href=\"http:\/\/vpmk.edu.ee\/uncategorized\/5754\/\">UUSAASTAPEOD<\/a><\/p>\n<p><a href=\"http:\/\/vpmk.edu.ee\/uncategorized\/kergejoustiku-voistluste-tulemused-2\/\">13.12.2018 toimusid Valga spordihallis Valgamaa sisekergej\u00f5ustiku meistriv\u00f5istlused J,A, B vanuseklassidele<\/a><\/p>\n<p><a href=\"http:\/\/vpmk.edu.ee\/uncategorized\/20-ja-21-detsembril-toimusid-koolis-integreeritud-tootoad\/\">20. ja 21. detsembril toimusid koolis integreeritud t\u00f6\u00f6toad<\/a><\/p>\n<p><a href=\"http:\/\/vpmk.edu.ee\/uncategorized\/%D0%BC%D0%B5%D0%B6%D0%B4%D1%83%D0%BD%D0%B0%D1%80%D0%BE%D0%B4%D0%BD%D1%8B%D0%B9-%D0%BF%D1%80%D0%BE%D0%B5%D0%BA%D1%82-eating-habits-around-europe\/\">\u041c\u0435\u0436\u0434\u0443\u043d\u0430\u0440\u043e\u0434\u043d\u044b\u0439 \u043f\u0440\u043e\u0435\u043a\u0442 \u201eEating habits around Europe\u201c<\/a><\/p>\n<p><a href=\"http:\/\/vpmk.edu.ee\/uncategorized\/%D0%BC%D0%B5%D0%B6%D0%B4%D1%83%D0%BD%D0%B0%D1%80%D0%BE%D0%B4%D0%BD%D1%8B%D0%B9-%D0%BF%D1%80%D0%BE%D0%B5%D0%BA%D1%82-taste-the-music\/\">\u041c\u0435\u0436\u0434\u0443\u043d\u0430\u0440\u043e\u0434\u043d\u044b\u0439 \u043f\u0440\u043e\u0435\u043a\u0442 \u201eTaste the music\u201c<\/a><\/p>\n<p><a href=\"http:\/\/vpmk.edu.ee\/uncategorized\/5856\/\">3. jaanuaril osalesid meie kooli 9B klassi \u00f5pilased Vabaduss\u00f5jas v\u00f5idelnute m\u00e4lestusp\u00e4eval <\/a><\/p>\n<p><a href=\"http:\/\/vpmk.edu.ee\/uncategorized\/%D0%BC%D0%B5%D0%B6%D0%B4%D1%83%D0%BD%D0%B0%D1%80%D0%BE%D0%B4%D0%BD%D1%8B%D0%B9-%D0%BF%D1%80%D0%BE%D0%B5%D0%BA%D1%82-eating-habits-around-europe-%D0%BF%D0%B8%D1%81%D1%8C%D0%BC%D0%B0\/\">\u041c\u0435\u0436\u0434\u0443\u043d\u0430\u0440\u043e\u0434\u043d\u044b\u0439 \u043f\u0440\u043e\u0435\u043a\u0442 \u201eEating habits around Europe\u201c. \u041f\u0438\u0441\u044c\u043c\u0430 \u043f\u043e\u043b\u0443\u0447\u0435\u043d\u044b!<\/a><\/p>\n<p><a href=\"http:\/\/vpmk.edu.ee\/uncategorized\/opilased-esitasid-omaloomingulist-luulet\/\">\u00d5pilased esitasid omaloomingulist luulet<\/a><\/p>\n<p><a style=\"font-family: 'Times New Roman'; font-size: 16px; font-style: normal; font-variant-ligatures: normal; font-variant-caps: normal; font-weight: 400;\" href=\"http:\/\/vpmk.edu.ee\/uncategorized\/eksl-pallilahingu-valgamaa-maakondlik-etapp\/\">23. jaanuaril toimus meie koolis EKSL Pallilahingu Valgamaa maakondlik etapp 1.-3. klasside t\u00fcdrukute ja poiste v\u00f5istkondadele<\/a><\/p>\n<p><a href=\"http:\/\/vpmk.edu.ee\/uncategorized\/24-%D1%8F%D0%BD%D0%B2%D0%B0%D1%80%D1%8F-2019-%D0%B3%D0%BE%D0%B4%D0%B0-%D0%B2-18-00-%D0%B2-%D0%B0%D0%BA%D1%82%D0%BE%D0%B2%D0%BE%D0%BC-%D0%B7%D0%B0%D0%BB%D0%B5-%D1%88%D0%BA%D0%BE%D0%BB%D1%8B-%D1%81\/\">24 \u044f\u043d\u0432\u0430\u0440\u044f 2019 \u0433\u043e\u0434\u0430 \u0432 18.00 \u0432 \u0430\u043a\u0442\u043e\u0432\u043e\u043c \u0437\u0430\u043b\u0435 \u0448\u043a\u043e\u043b\u044b \u0441\u043e\u0441\u0442\u043e\u044f\u043b\u0441\u044f \u0440\u043e\u0434\u0438\u0442\u0435\u043b\u044c\u0441\u043a\u043e\u0435 \u0441\u043e\u0431\u0440\u0430\u043d\u0438\u0435 \u0432\u043c\u0435\u0441\u0442\u0435 \u0441 \u0443\u0447\u0435\u043d\u0438\u043a\u0430\u043c\u0438 \u043d\u0430 \u0442\u0435\u043c\u0443 : \u00ab\u041e\u043a\u043e\u043d\u0447\u0430\u043d\u0438\u0435 \u043e\u0441\u043d\u043e\u0432\u043d\u043e\u0439 \u0448\u043a\u043e\u043b\u044b \u0438 \u0432\u043e\u0437\u043c\u043e\u0436\u043d\u043e\u0441\u0442\u0438 \u043f\u0440\u043e\u0434\u043e\u043b\u0436\u0435\u043d\u0438\u044f \u043e\u0431\u0443\u0447\u0435\u043d\u0438\u044f \u0432 \u0412\u0430\u043b\u0433\u0435\u00bb<\/a><\/p>\n<p><strong>25. jaanuaril<\/strong> toimusid 9.-le klassidele Valga G\u00fcmnaasiumis ja Valgamaa Kutse\u00f5ppekeskuses KARJ\u00c4\u00c4RI EELKUTSE\u00d5PPE P\u00c4EVAD<\/p>\n<p><a href=\"http:\/\/vpmk.edu.ee\/uncategorized\/%D0%B4%D0%B5%D0%BD%D1%8C-%D1%80%D0%BE%D0%B6%D0%B4%D0%B5%D0%BD%D0%B8%D1%8F-%D1%82-%D0%BE-r-%D0%B5\/\">25.jaanuar T.O.R.E. s\u00fcnnip\u00e4ev<\/a><\/p>\n<p><strong>31. jaanuaril<\/strong> v\u00f5ttis meie kooli esindus osa\u00a0PAJU LAHINGU JA VALGA VABASTAMISE 100. AASTAP\u00c4EVA T\u00c4HISTAMISE \u00dcRITUSTEST<\/p>\n<p><strong>1.veebruaril<\/strong> kell 9.00 toimus \u00dcHISKONNA\u00d5PETUSE KOOLIOL\u00dcMPIAAD.<br \/>\n<a href=\"https:\/\/drive.google.com\/file\/d\/1KdgbOdLQUWidzUSoaCBaN4Rm9YtuJHCE\/view?usp=sharing\">TULEMUSED<\/a><\/p>\n<p><strong>2. veebruaril<\/strong> toimus piirkondlik bioloogiaol\u00fcmpiaad<\/p>\n<p><strong>4. veebruaril<\/strong> k\u00fclastasid 5.-9. klasside \u00f5pilased Valga Raudteejaamas SOOMUSRONGI nr\u00a0 7 &#171;WABADUS&#187;<\/p>\n<p><a href=\"http:\/\/vpmk.edu.ee\/uncategorized\/1a-ja-1b-klass-kaisid-kiki-i-oppeprogrammil-vitipalus\/\">KIKI-i \u00f5ppeprogramm Vitipalus<\/a><\/p>\n<p><strong>8. veebruaril<\/strong> kell 10.30 osalesid 9A ja 9B klasside \u00f5pilased \u00dcHISKONNA\u00d5PETUSE PIIRKONNAVOORUS<\/p>\n<p><strong>11. veebruaril<\/strong> toimusid 9.-le klassidele loengud ja koolidesse sisseastumise simulatsioonid. L\u00e4biviijad Valgamaa T\u00f6\u00f6tukassa karj\u00e4\u00e4riinfo sptetsialistid Tuuli Mekk ja Ilona Akimova<\/p>\n<p><strong>12. veebruaril<\/strong> toimus piirkondlik geograafiaol\u00fcmpiaad<\/p>\n<p><strong>13. veebruaril<\/strong> toimus\u00a0 6.- 9. klasside inglise keele kooliol\u00fcmpiaad<\/p>\n<div><strong>13. veebruaril<\/strong> toimus koolisisene &#171;Spelling bee&#187; v\u00f5istlus, kus osalevad 4.- 5. klassi \u00f5pilased<\/div>\n<div><\/div>\n<p><strong>18.02-22.02.2019 &#8212; Meie koolis oli koolikellavaba n\u00e4dal<\/strong><br \/>\n<strong><span style=\"font-size: 16px;\">18.02-22.02.2019\u00a0\u00a0\u0443\u0447\u0438\u043c\u00a0 \u0431\u0435\u0437 \u0437\u0432\u043e\u043d\u043a\u043e\u0432<\/span><\/strong><\/p>\n<p><strong>18. veebruaril<\/strong> toimusid 9A klassile koolidesse sisseastumise simulatsioonid. L\u00e4biviijad Valgamaa t\u00f6\u00f6tukassa karj\u00e4\u00e4riinfo spetsialistid Tuuli Mekk ja Ilona Akimova<\/p>\n<p><strong>19. veebruril<\/strong> viibisid 6A, 6B ja 5A klasside 17 \u00f5pilast \u00f5ppeekskursioonil J\u00e4\u00e4aja Keskuses Tartumaal<\/p>\n<p><strong>19. veebruaril<\/strong> toimus 5.-9. klassidele vene keele ol\u00fcmpiaadi piirkonnavoor<\/p>\n<p><a href=\"https:\/\/drive.google.com\/file\/d\/17lmDWYZJhHuZibbldR15Z1Wc5ivl2dhf\/view?usp=sharing\"><strong>21.veebruaril<\/strong> toimus Valga Keskraamatukogus EV aastap\u00e4evale p\u00fchendatud maakondlik isamaaliste luuletuste lugemise konkurss, kus osalesid 5B klassi \u00f5pilased Taia Lankert ja Gloria Skribt\u0161enko<\/a><\/p>\n<p><strong>21. veebruaril<\/strong> toimus 5.-6. ja 7.-9. klassidele Eesti-teemaline interaktiivne viktoriin <strong>MINU EESTI<\/strong><\/p>\n<p><a href=\"http:\/\/vpmk.edu.ee\/uncategorized\/koolipere-tahistab-eesti-vabariigi-sunnipaeva\/\">Kool t\u00e4histas Eesti Vabariigi 101. s\u00fcnnip\u00e4eva<\/a><\/p>\n<p>&nbsp;<\/p>\n","protected":false},"excerpt":{"rendered":"<p>2. trimester 26.11.2018 &#8212; 22.02.2019 26.novembril kell 10.00\u00a0toimub 6.-9. klassidele KODANIKUP\u00c4EVALE p\u00fchendatud pidulik aktus. 1.-5. klassidel oli samal ajal kodanikup\u00e4eva-teemalised klassijuhatajatunnid. LOE EDASI 27.novembril kell 9.00\u00a0 toimus f\u00fc\u00fcsika kooliol\u00fcmpiaad 29.novembril kell 9.00 toimus keemia kooliol\u00fcmpiaad 30. novembril kell 11.00 kooliaulas teater &#171;Tuuleveski etendus\u00a0\u00ab\u0421\u043a\u0430\u0437\u043a\u0438 \u0441\u0442\u0430\u0440\u043e\u0439 \u043c\u0435\u043b\u044c\u043d\u0438\u0446\u044b\u00bb\u00a0 3. detsembril toimusid 8.-9. klassidele karj\u00e4\u00e4riteemalised t\u00f6\u00f6toad\u00a0\u201eT\u00f6\u00f6andjate ootused ja konkurents &#8230; <a href=\"http:\/\/vpmk.edu.ee\/ru\/ii-trimester-26-11-22-02-2019\/\" class=\"more-link\">Loe edasi<span class=\"screen-reader-text\"> &#171;2. trimester 26.11.2018 &#8212; 22.02.2019&#187;<\/span> &raquo;<\/a><\/p>\n","protected":false},"author":3,"featured_media":0,"parent":0,"menu_order":0,"comment_status":"closed","ping_status":"closed","template":"","meta":{"footnotes":""},"class_list":["post-5589","page","type-page","status-publish","hentry"],"translation":{"provider":"WPGlobus","version":"3.0.1","language":"ru","enabled_languages":["ee","ru"],"languages":{"ee":{"title":true,"content":true,"excerpt":false},"ru":{"title":false,"content":false,"excerpt":false}}},"yoast_head":"<!-- This site is optimized with the Yoast SEO plugin v26.7 - https:\/\/yoast.com\/wordpress\/plugins\/seo\/ -->\n<title>2. trimester 26.11.2018 - 22.02.2019 - \u0412\u0430\u043b\u0433\u0430\u0441\u043a\u0430\u044f \u0448\u043a\u043e\u043b\u0430 \u041f\u0440\u0438\u0439\u043c\u0435\u0442\u0441\u0430<\/title>\n<meta name=\"robots\" content=\"index, follow, max-snippet:-1, max-image-preview:large, max-video-preview:-1\" \/>\n<link rel=\"canonical\" href=\"http:\/\/vpmk.edu.ee\/ru\/ii-trimester-26-11-22-02-2019\/\" \/>\n<meta property=\"og:locale\" content=\"ru_RU\" \/>\n<meta property=\"og:type\" content=\"article\" \/>\n<meta property=\"og:title\" content=\"2. trimester 26.11.2018 - 22.02.2019 - \u0412\u0430\u043b\u0433\u0430\u0441\u043a\u0430\u044f \u0448\u043a\u043e\u043b\u0430 \u041f\u0440\u0438\u0439\u043c\u0435\u0442\u0441\u0430\" \/>\n<meta property=\"og:url\" content=\"http:\/\/vpmk.edu.ee\/ru\/ii-trimester-26-11-22-02-2019\/\" \/>\n<meta property=\"og:site_name\" content=\"\u0412\u0430\u043b\u0433\u0430\u0441\u043a\u0430\u044f \u0448\u043a\u043e\u043b\u0430 \u041f\u0440\u0438\u0439\u043c\u0435\u0442\u0441\u0430\" \/>\n<meta property=\"article:modified_time\" content=\"2019-02-25T09:38:19+00:00\" \/>\n<meta property=\"og:image\" content=\"http:\/\/vpmk.edu.ee\/wp-content\/uploads\/2023\/02\/Valga-Priimetsa-Kool-\u2013-logoks-3.png\" \/>\n\t<meta property=\"og:image:width\" content=\"3044\" \/>\n\t<meta property=\"og:image:height\" content=\"2776\" \/>\n\t<meta property=\"og:image:type\" content=\"image\/png\" \/>\n<meta name=\"twitter:card\" content=\"summary_large_image\" \/>\n<meta name=\"twitter:label1\" content=\"\u041f\u0440\u0438\u043c\u0435\u0440\u043d\u043e\u0435 \u0432\u0440\u0435\u043c\u044f \u0434\u043b\u044f \u0447\u0442\u0435\u043d\u0438\u044f\" \/>\n\t<meta name=\"twitter:data1\" content=\"3 \u043c\u0438\u043d\u0443\u0442\u044b\" \/>\n<script type=\"application\/ld+json\" class=\"yoast-schema-graph\">{\"@context\":\"https:\/\/schema.org\",\"@graph\":[{\"@type\":\"WebPage\",\"@id\":\"http:\/\/vpmk.edu.ee\/ru\/ii-trimester-26-11-22-02-2019\/\",\"url\":\"http:\/\/vpmk.edu.ee\/ru\/ii-trimester-26-11-22-02-2019\/\",\"name\":\"2. trimester 26.11.2018 - 22.02.2019 - \u0412\u0430\u043b\u0433\u0430\u0441\u043a\u0430\u044f \u0448\u043a\u043e\u043b\u0430 \u041f\u0440\u0438\u0439\u043c\u0435\u0442\u0441\u0430\",\"isPartOf\":{\"@id\":\"https:\/\/vpmk.edu.ee\/#website\"},\"datePublished\":\"2018-11-25T10:28:35+00:00\",\"dateModified\":\"2019-02-25T09:38:19+00:00\",\"breadcrumb\":{\"@id\":\"http:\/\/vpmk.edu.ee\/ru\/ii-trimester-26-11-22-02-2019\/#breadcrumb\"},\"inLanguage\":\"ru-RU\",\"potentialAction\":[{\"@type\":\"ReadAction\",\"target\":[\"http:\/\/vpmk.edu.ee\/ru\/ii-trimester-26-11-22-02-2019\/\"]}]},{\"@type\":\"BreadcrumbList\",\"@id\":\"http:\/\/vpmk.edu.ee\/ru\/ii-trimester-26-11-22-02-2019\/#breadcrumb\",\"itemListElement\":[{\"@type\":\"ListItem\",\"position\":1,\"name\":\"Home\",\"item\":\"https:\/\/vpmk.edu.ee\/\"},{\"@type\":\"ListItem\",\"position\":2,\"name\":\"2. trimester 26.11.2018 &#8212; 22.02.2019\"}]},{\"@type\":\"WebSite\",\"@id\":\"https:\/\/vpmk.edu.ee\/#website\",\"url\":\"https:\/\/vpmk.edu.ee\/\",\"name\":\"\u0412\u0430\u043b\u0433\u0430\u0441\u043a\u0430\u044f \u0448\u043a\u043e\u043b\u0430 \u041f\u0440\u0438\u0439\u043c\u0435\u0442\u0441\u0430\",\"description\":\"\",\"publisher\":{\"@id\":\"https:\/\/vpmk.edu.ee\/#organization\"},\"potentialAction\":[{\"@type\":\"SearchAction\",\"target\":{\"@type\":\"EntryPoint\",\"urlTemplate\":\"https:\/\/vpmk.edu.ee\/?s={search_term_string}\"},\"query-input\":{\"@type\":\"PropertyValueSpecification\",\"valueRequired\":true,\"valueName\":\"search_term_string\"}}],\"inLanguage\":\"ru-RU\"},{\"@type\":\"Organization\",\"@id\":\"https:\/\/vpmk.edu.ee\/#organization\",\"name\":\"\u0412\u0430\u043b\u0433\u0430\u0441\u043a\u0430\u044f \u0448\u043a\u043e\u043b\u0430 \u041f\u0440\u0438\u0439\u043c\u0435\u0442\u0441\u0430\",\"url\":\"https:\/\/vpmk.edu.ee\/\",\"logo\":{\"@type\":\"ImageObject\",\"inLanguage\":\"ru-RU\",\"@id\":\"https:\/\/vpmk.edu.ee\/#\/schema\/logo\/image\/\",\"url\":\"http:\/\/vpmk.edu.ee\/wp-content\/uploads\/2023\/02\/cropped-cropped-Valga-Priimetsa-Kool-\u2013-logoks-1.png\",\"contentUrl\":\"http:\/\/vpmk.edu.ee\/wp-content\/uploads\/2023\/02\/cropped-cropped-Valga-Priimetsa-Kool-\u2013-logoks-1.png\",\"width\":2058,\"height\":1615,\"caption\":\"\u0412\u0430\u043b\u0433\u0430\u0441\u043a\u0430\u044f \u0448\u043a\u043e\u043b\u0430 \u041f\u0440\u0438\u0439\u043c\u0435\u0442\u0441\u0430\"},\"image\":{\"@id\":\"https:\/\/vpmk.edu.ee\/#\/schema\/logo\/image\/\"}}]}<\/script>\n<!-- \/ Yoast SEO plugin. -->","yoast_head_json":{"title":"2. trimester 26.11.2018 - 22.02.2019 - \u0412\u0430\u043b\u0433\u0430\u0441\u043a\u0430\u044f \u0448\u043a\u043e\u043b\u0430 \u041f\u0440\u0438\u0439\u043c\u0435\u0442\u0441\u0430","robots":{"index":"index","follow":"follow","max-snippet":"max-snippet:-1","max-image-preview":"max-image-preview:large","max-video-preview":"max-video-preview:-1"},"canonical":"http:\/\/vpmk.edu.ee\/ru\/ii-trimester-26-11-22-02-2019\/","og_locale":"ru_RU","og_type":"article","og_title":"2. trimester 26.11.2018 - 22.02.2019 - \u0412\u0430\u043b\u0433\u0430\u0441\u043a\u0430\u044f \u0448\u043a\u043e\u043b\u0430 \u041f\u0440\u0438\u0439\u043c\u0435\u0442\u0441\u0430","og_url":"http:\/\/vpmk.edu.ee\/ru\/ii-trimester-26-11-22-02-2019\/","og_site_name":"\u0412\u0430\u043b\u0433\u0430\u0441\u043a\u0430\u044f \u0448\u043a\u043e\u043b\u0430 \u041f\u0440\u0438\u0439\u043c\u0435\u0442\u0441\u0430","article_modified_time":"2019-02-25T09:38:19+00:00","og_image":[{"width":3044,"height":2776,"url":"http:\/\/vpmk.edu.ee\/wp-content\/uploads\/2023\/02\/Valga-Priimetsa-Kool-\u2013-logoks-3.png","type":"image\/png"}],"twitter_card":"summary_large_image","twitter_misc":{"\u041f\u0440\u0438\u043c\u0435\u0440\u043d\u043e\u0435 \u0432\u0440\u0435\u043c\u044f \u0434\u043b\u044f \u0447\u0442\u0435\u043d\u0438\u044f":"3 \u043c\u0438\u043d\u0443\u0442\u044b"},"schema":{"@context":"https:\/\/schema.org","@graph":[{"@type":"WebPage","@id":"http:\/\/vpmk.edu.ee\/ru\/ii-trimester-26-11-22-02-2019\/","url":"http:\/\/vpmk.edu.ee\/ru\/ii-trimester-26-11-22-02-2019\/","name":"2. trimester 26.11.2018 - 22.02.2019 - \u0412\u0430\u043b\u0433\u0430\u0441\u043a\u0430\u044f \u0448\u043a\u043e\u043b\u0430 \u041f\u0440\u0438\u0439\u043c\u0435\u0442\u0441\u0430","isPartOf":{"@id":"https:\/\/vpmk.edu.ee\/#website"},"datePublished":"2018-11-25T10:28:35+00:00","dateModified":"2019-02-25T09:38:19+00:00","breadcrumb":{"@id":"http:\/\/vpmk.edu.ee\/ru\/ii-trimester-26-11-22-02-2019\/#breadcrumb"},"inLanguage":"ru-RU","potentialAction":[{"@type":"ReadAction","target":["http:\/\/vpmk.edu.ee\/ru\/ii-trimester-26-11-22-02-2019\/"]}]},{"@type":"BreadcrumbList","@id":"http:\/\/vpmk.edu.ee\/ru\/ii-trimester-26-11-22-02-2019\/#breadcrumb","itemListElement":[{"@type":"ListItem","position":1,"name":"Home","item":"https:\/\/vpmk.edu.ee\/"},{"@type":"ListItem","position":2,"name":"2. trimester 26.11.2018 &#8212; 22.02.2019"}]},{"@type":"WebSite","@id":"https:\/\/vpmk.edu.ee\/#website","url":"https:\/\/vpmk.edu.ee\/","name":"\u0412\u0430\u043b\u0433\u0430\u0441\u043a\u0430\u044f \u0448\u043a\u043e\u043b\u0430 \u041f\u0440\u0438\u0439\u043c\u0435\u0442\u0441\u0430","description":"","publisher":{"@id":"https:\/\/vpmk.edu.ee\/#organization"},"potentialAction":[{"@type":"SearchAction","target":{"@type":"EntryPoint","urlTemplate":"https:\/\/vpmk.edu.ee\/?s={search_term_string}"},"query-input":{"@type":"PropertyValueSpecification","valueRequired":true,"valueName":"search_term_string"}}],"inLanguage":"ru-RU"},{"@type":"Organization","@id":"https:\/\/vpmk.edu.ee\/#organization","name":"\u0412\u0430\u043b\u0433\u0430\u0441\u043a\u0430\u044f \u0448\u043a\u043e\u043b\u0430 \u041f\u0440\u0438\u0439\u043c\u0435\u0442\u0441\u0430","url":"https:\/\/vpmk.edu.ee\/","logo":{"@type":"ImageObject","inLanguage":"ru-RU","@id":"https:\/\/vpmk.edu.ee\/#\/schema\/logo\/image\/","url":"http:\/\/vpmk.edu.ee\/wp-content\/uploads\/2023\/02\/cropped-cropped-Valga-Priimetsa-Kool-\u2013-logoks-1.png","contentUrl":"http:\/\/vpmk.edu.ee\/wp-content\/uploads\/2023\/02\/cropped-cropped-Valga-Priimetsa-Kool-\u2013-logoks-1.png","width":2058,"height":1615,"caption":"\u0412\u0430\u043b\u0433\u0430\u0441\u043a\u0430\u044f \u0448\u043a\u043e\u043b\u0430 \u041f\u0440\u0438\u0439\u043c\u0435\u0442\u0441\u0430"},"image":{"@id":"https:\/\/vpmk.edu.ee\/#\/schema\/logo\/image\/"}}]}},"_links":{"self":[{"href":"http:\/\/vpmk.edu.ee\/ru\/wp-json\/wp\/v2\/pages\/5589","targetHints":{"allow":["GET"]}}],"collection":[{"href":"http:\/\/vpmk.edu.ee\/ru\/wp-json\/wp\/v2\/pages"}],"about":[{"href":"http:\/\/vpmk.edu.ee\/ru\/wp-json\/wp\/v2\/types\/page"}],"author":[{"embeddable":true,"href":"http:\/\/vpmk.edu.ee\/ru\/wp-json\/wp\/v2\/users\/3"}],"replies":[{"embeddable":true,"href":"http:\/\/vpmk.edu.ee\/ru\/wp-json\/wp\/v2\/comments?post=5589"}],"version-history":[{"count":9,"href":"http:\/\/vpmk.edu.ee\/ru\/wp-json\/wp\/v2\/pages\/5589\/revisions"}],"predecessor-version":[{"id":6044,"href":"http:\/\/vpmk.edu.ee\/ru\/wp-json\/wp\/v2\/pages\/5589\/revisions\/6044"}],"wp:attachment":[{"href":"http:\/\/vpmk.edu.ee\/ru\/wp-json\/wp\/v2\/media?parent=5589"}],"curies":[{"name":"wp","href":"https:\/\/api.w.org\/{rel}","templated":true}]}}